{"id":6140,"date":"2025-05-19T13:07:21","date_gmt":"2025-05-19T12:07:21","guid":{"rendered":"https:\/\/saludglobal.umh.es\/?page_id=6140"},"modified":"2025-05-19T13:11:46","modified_gmt":"2025-05-19T12:11:46","slug":"esequipocamembresenmembers","status":"publish","type":"page","link":"https:\/\/saludglobal.umh.es\/ca\/esequipocamembresenmembers\/","title":{"rendered":"Membres"},"content":{"rendered":"<p>[et_pb_section fb_built=&#8221;1&#8243; admin_label=&#8221;section&#8221; _builder_version=&#8221;4.16&#8243; global_colors_info=&#8221;{}&#8221;][et_pb_row admin_label=&#8221;row&#8221; _builder_version=&#8221;4.16&#8243; background_size=&#8221;initial&#8221; background_position=&#8221;top_left&#8221; background_repeat=&#8221;repeat&#8221; global_colors_info=&#8221;{}&#8221;][et_pb_column type=&#8221;4_4&#8243; _builder_version=&#8221;4.16&#8243; custom_padding=&#8221;|||&#8221; global_colors_info=&#8221;{}&#8221; custom_padding__hover=&#8221;|||&#8221;][et_pb_image src=&#8221;https:\/\/saludglobal.umh.es\/files\/2025\/01\/000_salud-global_umh_grupo-v3.png&#8221; title_text=&#8221;_000_salud-global_umh_grupo-v3&#8243; align=&#8221;center&#8221; _builder_version=&#8221;4.17.4&#8243; global_colors_info=&#8221;{}&#8221;][\/et_pb_image][et_pb_text disabled_on=&#8221;off|off|off&#8221; _builder_version=&#8221;4.17.4&#8243; global_colors_info=&#8221;{}&#8221;]<\/p>\n<p style=\"text-align: justify;\"><span style=\"font-weight: 400;\">El Grupo de Investigaci\u00f3n en Salud Global es un grupo de investigaci\u00f3n consolidado de la Universidad Miguel Hern\u00e1ndez de Elche, adscrito al Departamento de Salud P\u00fablica, Historia de la Ciencia y Ginecolog\u00eda de la UMH. Forma parte del Centro de Investigaci\u00f3n Biom\u00e9dica en Red de Epidemiolog\u00eda y Salud P\u00fablica, CIBERESP, en Epidemiolog\u00eda y Salud P\u00fablica, dentro del Programa de Eficiencia y Equidad del Sistema Sanitario (Grupo 26). El equipo est\u00e1 dirigido por el catedr\u00e1tico <\/span><a href=\"https:\/\/universite.umh.es\/profesores\/fichaprofesor.asp?NP=5606\">Ildefonso Hern\u00e1ndez Aguado <\/a>y est\u00e1 formado por dos catedr\u00e1ticos, dos profesoras titulares, una profesora contratada doctor, una profesora ayudante doctor y una investigadora postdoctoral, as\u00ed como numerosos colaboradores externos de diferentes centros nacionales e internacionales. Adem\u00e1s, actualmente cuenta con cuatro investigadores predoctorales contratados. Entre todos suman 12 sexenios de investigaci\u00f3n y uno e transferencia.<\/p>\n<p style=\"text-align: justify;\"><span style=\"font-weight: 400;\">Su misi\u00f3n es mejorar la salud de las poblaciones mediante acciones de investigaci\u00f3n, de formaci\u00f3n, de divulgaci\u00f3n cient\u00edfica y de defensa de la salud de la poblaci\u00f3n. Con este cometido, engloba \u00e1reas diversas que van desde las pol\u00edticas sobre salud global, el envejecimiento o el cambio clim\u00e1tico hasta la mejora de la adherencia a los tratamientos de los pacientes, siempre con la meta de mejorar la salud colectiva.<\/span><\/p>\n<p style=\"text-align: justify;\"><span style=\"font-weight: 400;\">Adem\u00e1s,\u00a0contribuye a la formaci\u00f3n de los profesionales diversos que operan en el mundo de la salud global dirigiendo el<\/span>\u00a0<a href=\"http:\/\/mastercooperacion.edu.umh.es\/\">M\u00e1ster Interuniversitario de Cooperaci\u00f3n al Desarrollo, especialidad Salud en Pa\u00edses en Desarrollo de la Universidad Miguel Hern\u00e1ndez. <\/a><span style=\"font-weight: 400;\">Ta<\/span><span style=\"font-weight: 400;\">mbi\u00e9n <\/span><span style=\"font-weight: 400;\">participa en el <a href=\"https:\/\/tordesillasdoctoral.umh.es\/\">Colegio Doctoral Tordesillas de Salud P\u00fablica e Historia de la Ciencia<\/a> donde participan las facultades de Medicina de las Universidades de Porto, Sao Paulo y Miguel Hern\u00e1ndez de Elche.<\/span><\/p>\n<p>El grupo de investigaci\u00f3n tambi\u00e9n forma parte del Consejo Acad\u00e9mico y del Consejo Asesor de la Escuela de Salud P\u00fablica de Menorca (ESPM) en el Llatzeret de Ma\u00f3.<\/p>\n<p style=\"text-align: justify;\"><span style=\"font-weight: 400;\">Por otra parte, coordina la publicaci\u00f3n de un <a href=\"https:\/\/www.wfpha.org\/casebook-on-advocacy-in-public-health\/\">Casebook on Advocacy in Public Health<\/a> junto con la World Federation of Public Health Associations. Se incide en la importancia de acompa\u00f1ar la investigaci\u00f3n con una amplia difusi\u00f3n social y acciones de incidencia pol\u00edtica, promoviendo as\u00ed su transferencia en acciones de salud p\u00fablica que realmente mejoren la salud de la poblaci\u00f3n.\u00a0<\/span><\/p>\n<p style=\"text-align: justify;\">El Grupo de Investigaci\u00f3n en Salud Global d<span style=\"font-weight: 400;\">esarrolla su investigaci\u00f3n con un enfoque multidisciplinar en colaboraci\u00f3n con m\u00faltiples colaboradores tanto a nivel nacional como internacional. Se encuentra <\/span>en l\u00ednea con los Objetivos de Desarrollo Sostenible, comprometido con la principal misi\u00f3n de la Salud P\u00fablica que es la mejora de la salud de la poblaci\u00f3n bas\u00e1ndose en sus principios radicales: la aplicaci\u00f3n de los derechos humanos y la justicia social efectiva.<\/p>\n<p>[\/et_pb_text][\/et_pb_column][\/et_pb_row][et_pb_row _builder_version=&#8221;4.17.4&#8243; _module_preset=&#8221;default&#8221; global_colors_info=&#8221;{}&#8221;][et_pb_column type=&#8221;4_4&#8243; _builder_version=&#8221;4.17.4&#8243; _module_preset=&#8221;default&#8221; global_colors_info=&#8221;{}&#8221;][et_pb_text disabled_on=&#8221;off|off|off&#8221; admin_label=&#8221;Texto&#8221; _builder_version=&#8221;4.17.4&#8243; global_colors_info=&#8221;{}&#8221;]<\/p>\n<h1><strong>Equipo Investigador<\/strong><\/h1>\n<p>&nbsp;<br \/>\n[\/et_pb_text][\/et_pb_column][\/et_pb_row][et_pb_row column_structure=&#8221;1_3,1_3,1_3&#8243; disabled_on=&#8221;off|off|off&#8221; _builder_version=&#8221;4.16&#8243; global_colors_info=&#8221;{}&#8221;][et_pb_column type=&#8221;1_3&#8243; _builder_version=&#8221;4.16&#8243; global_colors_info=&#8221;{}&#8221;][et_pb_team_member name=&#8221;Blanca Juana Lumbreras Lacarra&#8221; image_url=&#8221;https:\/\/saludglobal.umh.es\/files\/2025\/01\/salud-global_Blanca-Lumbreras-150&#215;150.jpg&#8221; module_id=&#8221;circle-image&#8221; module_class=&#8221;profesor&#8221; _builder_version=&#8221;4.17.4&#8243; header_font=&#8221;|700|||||||&#8221; header_font_size=&#8221;14px&#8221; header_line_height=&#8221;1.5em&#8221; text_orientation=&#8221;center&#8221; link_option_url=&#8221;https:\/\/saludglobal.umh.es\/miembros\/lumbreras-lacarra-blanca-juana\/&#8221; global_colors_info=&#8221;{}&#8221;][\/et_pb_team_member][et_pb_team_member name=&#8221;Lucy Anne Parker&#8221; image_url=&#8221;https:\/\/saludglobal.umh.es\/files\/2025\/01\/salud-global_Lucy-Parker-1-150&#215;150.jpg&#8221; module_id=&#8221;circle-image&#8221; module_class=&#8221;profesor&#8221; _builder_version=&#8221;4.17.4&#8243; header_font=&#8221;|700|||||||&#8221; header_font_size=&#8221;14px&#8221; header_line_height=&#8221;1.5em&#8221; text_orientation=&#8221;center&#8221; link_option_url=&#8221;https:\/\/saludglobal.umh.es\/miembros\/parker-lucy-anne\/&#8221; global_colors_info=&#8221;{}&#8221;][\/et_pb_team_member][et_pb_team_member name=&#8221;M\u00aa Jos\u00e9 Sanch\u00eds Ram\u00f3n&#8221; image_url=&#8221;https:\/\/saludglobal.umh.es\/files\/2025\/02\/Maria-Jose-Sanchis-300&#215;300-1-150&#215;150.jpg&#8221; _builder_version=&#8221;4.17.4&#8243; _module_preset=&#8221;default&#8221; header_font=&#8221;|700|||||||&#8221; header_font_size=&#8221;14px&#8221; header_line_height=&#8221;1.5em&#8221; body_text_color=&#8221;#000000&#8243; text_orientation=&#8221;center&#8221; link_option_url=&#8221; https:\/\/saludglobal.umh.es\/miembros\/maria-jose-sanchis-ramon\/ &#8221; global_colors_info=&#8221;{}&#8221;][\/et_pb_team_member][et_pb_team_member name=&#8221;Gema Urda Bl\u00e1zquez&#8221; image_url=&#8221;https:\/\/saludglobal.umh.es\/files\/2025\/01\/salud-global_Gema-Urda-1-150&#215;150.jpg&#8221; _builder_version=&#8221;4.17.4&#8243; _module_preset=&#8221;default&#8221; header_font=&#8221;|700|||||||&#8221; header_font_size=&#8221;14px&#8221; header_line_height=&#8221;1.5em&#8221; body_line_height=&#8221;1.5em&#8221; text_orientation=&#8221;center&#8221; link_option_url=&#8221;https:\/\/saludglobal.umh.es\/gema-urda-blazquez\/&#8221; global_colors_info=&#8221;{}&#8221;][\/et_pb_team_member][et_pb_team_member name=&#8221;Israel Mart\u00ednez Guerrero&#8221; image_url=&#8221;https:\/\/saludglobal.umh.es\/files\/2025\/01\/salud-global_Israel-Martinez-150&#215;150.jpg&#8221; _builder_version=&#8221;4.17.4&#8243; _module_preset=&#8221;default&#8221; header_font=&#8221;|700|||||||&#8221; header_font_size=&#8221;14px&#8221; header_line_height=&#8221;1.5em&#8221; text_orientation=&#8221;center&#8221; link_option_url=&#8221;https:\/\/saludglobal.umh.es\/miembros\/israel-martinez-guerrero\/&#8221; global_colors_info=&#8221;{}&#8221;][\/et_pb_team_member][\/et_pb_column][et_pb_column type=&#8221;1_3&#8243; _builder_version=&#8221;4.16&#8243; global_colors_info=&#8221;{}&#8221;][et_pb_team_member name=&#8221;Elsa L\u00f3pez Pintor&#8221; image_url=&#8221;https:\/\/saludglobal.umh.es\/files\/2025\/01\/salud-global_Elsa-Lopez-150&#215;150.jpg&#8221; module_id=&#8221;circle-image&#8221; module_class=&#8221;profesor&#8221; _builder_version=&#8221;4.17.4&#8243; header_font=&#8221;|700|||||||&#8221; header_font_size=&#8221;14px&#8221; header_line_height=&#8221;1.5em&#8221; text_orientation=&#8221;center&#8221; link_option_url=&#8221;https:\/\/saludglobal.umh.es\/miembros\/lopez-pintor-elsa\/&#8221; global_colors_info=&#8221;{}&#8221;][\/et_pb_team_member][et_pb_team_member name=&#8221;Mar\u00eda Pastor Valero&#8221; image_url=&#8221;https:\/\/saludglobal.umh.es\/files\/2025\/01\/salud-global_Maria-Pator_.jpg&#8221; module_id=&#8221;circle-image&#8221; module_class=&#8221;profesor&#8221; _builder_version=&#8221;4.17.4&#8243; header_font=&#8221;|700|||||||&#8221; header_font_size=&#8221;14px&#8221; header_line_height=&#8221;1.5em&#8221; text_orientation=&#8221;center&#8221; link_option_url=&#8221;https:\/\/saludglobal.umh.es\/miembros\/pastor-valero-maria-asuncion\/&#8221; global_colors_info=&#8221;{}&#8221;][\/et_pb_team_member][et_pb_team_member name=&#8221;Marta Puig Garc\u00eda &#8221; image_url=&#8221;https:\/\/saludglobal.umh.es\/files\/2025\/01\/Marta-Puig-Garcia-150&#215;150.jpg&#8221; module_id=&#8221;circle-image&#8221; module_class=&#8221;profesor&#8221; _builder_version=&#8221;4.17.4&#8243; header_font=&#8221;|700|||||||&#8221; header_font_size=&#8221;14px&#8221; header_line_height=&#8221;1.5em&#8221; text_orientation=&#8221;center&#8221; link_option_url=&#8221;https:\/\/saludglobal.umh.es\/miembros\/marta-puig-garcia\/&#8221; global_colors_info=&#8221;{}&#8221;][\/et_pb_team_member][et_pb_team_member name=&#8221;Abraham Beltr\u00e1n P\u00e9rez&#8221; image_url=&#8221;https:\/\/saludglobal.umh.es\/files\/2025\/01\/salud-global_Abraham-Beltran-150&#215;150.jpg&#8221; _builder_version=&#8221;4.17.4&#8243; _module_preset=&#8221;default&#8221; header_font=&#8221;|700|||||||&#8221; header_font_size=&#8221;14px&#8221; header_line_height=&#8221;1.5em&#8221; text_orientation=&#8221;center&#8221; link_option_url=&#8221;https:\/\/saludglobal.umh.es\/abraham-beltran-perez\/&#8221; global_colors_info=&#8221;{}&#8221;][\/et_pb_team_member][et_pb_team_member name=&#8221;Ildefonso Hern\u00e1ndez Aguado&#8221; position=&#8221;Director del Grupo&#8221; image_url=&#8221;https:\/\/saludglobal.umh.es\/files\/2025\/01\/salud-global_Ildefonso-Hernandez_v2-1-150&#215;150.jpg&#8221; module_id=&#8221;circle-image&#8221; module_class=&#8221;profesor&#8221; _builder_version=&#8221;4.17.4&#8243; header_font=&#8221;|700|||||||&#8221; header_font_size=&#8221;14px&#8221; header_line_height=&#8221;1.5em&#8221; text_orientation=&#8221;center&#8221; link_option_url=&#8221;https:\/\/saludglobal.umh.es\/miembros\/hernandez-aguado-ildefonso\/&#8221; global_colors_info=&#8221;{}&#8221;][\/et_pb_team_member][\/et_pb_column][et_pb_column type=&#8221;1_3&#8243; _builder_version=&#8221;4.16&#8243; global_colors_info=&#8221;{}&#8221;][et_pb_team_member name=&#8221;Elisa Chilet Rosell&#8221; image_url=&#8221;https:\/\/saludglobal.umh.es\/files\/2025\/01\/salud-global_Elisa-Chilet-150&#215;150.jpg&#8221; module_id=&#8221;circle-image&#8221; module_class=&#8221;profesor&#8221; _builder_version=&#8221;4.17.4&#8243; header_font=&#8221;|700|||||||&#8221; header_font_size=&#8221;14px&#8221; header_line_height=&#8221;1.5em&#8221; text_orientation=&#8221;center&#8221; link_option_url=&#8221;https:\/\/saludglobal.umh.es\/miembros\/chilet-rosell-elisa\/&#8221; global_colors_info=&#8221;{}&#8221;][\/et_pb_team_member][et_pb_team_member name=&#8221;Lucrecia Acosta Soto&#8221; image_url=&#8221;https:\/\/saludglobal.umh.es\/files\/2025\/01\/salud-global_Lucrecia-Acosta-150&#215;150.jpg&#8221; _builder_version=&#8221;4.17.4&#8243; _module_preset=&#8221;default&#8221; header_font=&#8221;|700|||||||&#8221; header_font_size=&#8221;14px&#8221; header_line_height=&#8221;1.5em&#8221; text_orientation=&#8221;center&#8221; link_option_url=&#8221;https:\/\/saludglobal.umh.es\/lucrecia-acosta\/&#8221; global_colors_info=&#8221;{}&#8221;][\/et_pb_team_member][et_pb_team_member name=&#8221;Sergio Morales Garz\u00f3n&#8221; image_url=&#8221;https:\/\/saludglobal.umh.es\/files\/2025\/01\/salud-global_Sergio-Morales-150&#215;150.jpg&#8221; _builder_version=&#8221;4.17.4&#8243; header_font=&#8221;|700|||||||&#8221; header_font_size=&#8221;14px&#8221; header_line_height=&#8221;1.5em&#8221; text_orientation=&#8221;center&#8221; link_option_url=&#8221;https:\/\/saludglobal.umh.es\/1822-2\/&#8221; global_colors_info=&#8221;{}&#8221;][\/et_pb_team_member][et_pb_team_member name=&#8221;Clara Blanes Mira&#8221; image_url=&#8221;https:\/\/saludglobal.umh.es\/files\/2025\/01\/salud-global_Clara-Blanes-150&#215;150.jpg&#8221; _builder_version=&#8221;4.17.4&#8243; _module_preset=&#8221;default&#8221; header_font=&#8221;|700|||||||&#8221; header_font_size=&#8221;14px&#8221; header_line_height=&#8221;1.5em&#8221; text_orientation=&#8221;center&#8221; link_option_url=&#8221;https:\/\/saludglobal.umh.es\/clara-blanes-mira\/&#8221; global_colors_info=&#8221;{}&#8221;][\/et_pb_team_member][\/et_pb_column][\/et_pb_row][et_pb_row disabled_on=&#8221;off|off|off&#8221; _builder_version=&#8221;4.16&#8243; global_colors_info=&#8221;{}&#8221;][et_pb_column type=&#8221;4_4&#8243; _builder_version=&#8221;4.16&#8243; global_colors_info=&#8221;{}&#8221;][et_pb_text disabled_on=&#8221;off|off|off&#8221; _builder_version=&#8221;4.16&#8243; global_colors_info=&#8221;{}&#8221;]<\/p>\n<h1><strong>Colaboradores\/as<\/strong><\/h1>\n<p>[\/et_pb_text][\/et_pb_column][\/et_pb_row][et_pb_row column_structure=&#8221;1_3,1_3,1_3&#8243; _builder_version=&#8221;4.16&#8243; global_colors_info=&#8221;{}&#8221;][et_pb_column type=&#8221;1_3&#8243; _builder_version=&#8221;4.16&#8243; global_colors_info=&#8221;{}&#8221;][et_pb_team_member name=&#8221;Manuel Gonz\u00e1lez- Moro Tolosana&#8221; image_url=&#8221;https:\/\/saludglobal.umh.es\/files\/2025\/01\/salud-global_Manuel-Tolosa-150&#215;150.jpg&#8221; _builder_version=&#8221;4.17.4&#8243; header_font=&#8221;|700|||||||&#8221; header_font_size=&#8221;14px&#8221; header_line_height=&#8221;1.5em&#8221; text_orientation=&#8221;center&#8221; overflow-x=&#8221;visible&#8221; overflow-y=&#8221;visible&#8221; link_option_url=&#8221;https:\/\/saludglobal.umh.es\/manuel-gonzalez-moro-tolosana\/&#8221; global_colors_info=&#8221;{}&#8221;][\/et_pb_team_member][et_pb_team_member name=&#8221;Adri\u00e1n San Roque&#8221; image_url=&#8221;https:\/\/saludglobal.umh.es\/files\/2025\/01\/salud-global_Adrian-San-Roque-150&#215;150.jpg&#8221; _builder_version=&#8221;4.17.4&#8243; _module_preset=&#8221;default&#8221; header_font=&#8221;|700|||||||&#8221; header_font_size=&#8221;14px&#8221; header_line_height=&#8221;1.5em&#8221; text_orientation=&#8221;center&#8221; link_option_url=&#8221; https:\/\/saludglobal.umh.es\/2025\/01\/28\/adrian-sanroque\/&#8221; global_colors_info=&#8221;{}&#8221;][\/et_pb_team_member][\/et_pb_column][et_pb_column type=&#8221;1_3&#8243; _builder_version=&#8221;4.16&#8243; global_colors_info=&#8221;{}&#8221;][et_pb_team_member name=&#8221;M\u00aa del Mar Miralles Pascual&#8221; image_url=&#8221;https:\/\/saludglobal.umh.es\/files\/2025\/01\/Maria-del-Mar-Miralles-150&#215;150.jpg&#8221; _builder_version=&#8221;4.17.4&#8243; _module_preset=&#8221;default&#8221; header_font=&#8221;|700|||||||&#8221; header_font_size=&#8221;14px&#8221; header_line_height=&#8221;1.5em&#8221; text_orientation=&#8221;center&#8221; link_option_url=&#8221;https:\/\/saludglobal.umh.es\/maria-del-mar-miralles\/&#8221; global_colors_info=&#8221;{}&#8221;][\/et_pb_team_member][\/et_pb_column][et_pb_column type=&#8221;1_3&#8243; _builder_version=&#8221;4.16&#8243; global_colors_info=&#8221;{}&#8221;][et_pb_team_member name=&#8221;Noelia Navarro Aranda&#8221; image_url=&#8221;https:\/\/saludglobal.umh.es\/files\/2025\/01\/salud-global_Noelia-Navarro-1-150&#215;150.jpg&#8221; _builder_version=&#8221;4.17.4&#8243; _module_preset=&#8221;default&#8221; header_font=&#8221;|700|||||||&#8221; header_font_size=&#8221;14px&#8221; header_line_height=&#8221;1.5em&#8221; text_orientation=&#8221;center&#8221; link_option_url=&#8221; https:\/\/saludglobal.umh.es\/2025\/01\/28\/noelia-navarro&#8221; global_colors_info=&#8221;{}&#8221;][\/et_pb_team_member][\/et_pb_column][\/et_pb_row][\/et_pb_section][et_pb_section fb_built=&#8221;1&#8243; admin_label=&#8221;section&#8221; _builder_version=&#8221;4.16&#8243; global_colors_info=&#8221;{}&#8221;][et_pb_row admin_label=&#8221;row&#8221; _builder_version=&#8221;4.16&#8243; background_size=&#8221;initial&#8221; background_position=&#8221;top_left&#8221; background_repeat=&#8221;repeat&#8221; global_colors_info=&#8221;{}&#8221;][et_pb_column type=&#8221;4_4&#8243; _builder_version=&#8221;4.16&#8243; custom_padding=&#8221;|||&#8221; global_colors_info=&#8221;{}&#8221; custom_padding__hover=&#8221;|||&#8221;][\/et_pb_column][\/et_pb_row][et_pb_row disabled_on=&#8221;on|on|on&#8221; _builder_version=&#8221;4.16&#8243; disabled=&#8221;on&#8221; global_colors_info=&#8221;{}&#8221;][et_pb_column type=&#8221;4_4&#8243; _builder_version=&#8221;4.16&#8243; global_colors_info=&#8221;{}&#8221;][et_pb_text _builder_version=&#8221;4.16&#8243; global_colors_info=&#8221;{}&#8221;]<\/p>\n<h1><strong>Investigadores\/as en formaci\u00f3n<\/strong><\/h1>\n<p>[\/et_pb_text][\/et_pb_column][\/et_pb_row][et_pb_row column_structure=&#8221;1_3,1_3,1_3&#8243; disabled_on=&#8221;on|on|on&#8221; _builder_version=&#8221;4.16&#8243; disabled=&#8221;on&#8221; global_colors_info=&#8221;{}&#8221;][et_pb_column type=&#8221;1_3&#8243; _builder_version=&#8221;4.16&#8243; global_colors_info=&#8221;{}&#8221;][et_pb_team_member name=&#8221;Ikram Benazizi&#8221; image_url=&#8221;https:\/\/saludglobal.umh.es\/files\/2022\/01\/Benazizi-web.jpg&#8221; module_id=&#8221;circle-image&#8221; module_class=&#8221;profesor&#8221; _builder_version=&#8221;4.16&#8243; header_font=&#8221;|700|||||||&#8221; header_font_size=&#8221;16px&#8221; header_line_height=&#8221;1.5em&#8221; text_orientation=&#8221;center&#8221; link_option_url=&#8221;https:\/\/saludglobal.umh.es\/miembros\/ikram-benazizi\/&#8221; global_colors_info=&#8221;{}&#8221;][\/et_pb_team_member][et_pb_team_member name=&#8221;Ildefonso Hernandez Aguado&#8221; position=&#8221;Director del Grupo&#8221; image_url=&#8221;https:\/\/saludglobal.umh.es\/files\/2022\/01\/hernandez-web.jpg&#8221; module_id=&#8221;circle-image&#8221; module_class=&#8221;profesor&#8221; _builder_version=&#8221;4.16&#8243; header_font=&#8221;|700|||||||&#8221; header_font_size=&#8221;16px&#8221; header_line_height=&#8221;1.5em&#8221; text_orientation=&#8221;center&#8221; link_option_url=&#8221;https:\/\/saludglobal.umh.es\/miembros\/hernandez-aguado-ildefonso\/&#8221; global_colors_info=&#8221;{}&#8221;][\/et_pb_team_member][et_pb_team_member name=&#8221;Lucy Anne Parker&#8221; image_url=&#8221;https:\/\/saludglobal.umh.es\/files\/2022\/01\/parker-web.jpg&#8221; module_id=&#8221;circle-image&#8221; module_class=&#8221;profesor&#8221; _builder_version=&#8221;4.16&#8243; header_font=&#8221;|700|||||||&#8221; header_font_size=&#8221;16px&#8221; header_line_height=&#8221;1.5em&#8221; text_orientation=&#8221;center&#8221; link_option_url=&#8221;https:\/\/saludglobal.umh.es\/miembros\/parker-lucy-anne\/&#8221; global_colors_info=&#8221;{}&#8221;][\/et_pb_team_member][\/et_pb_column][et_pb_column type=&#8221;1_3&#8243; _builder_version=&#8221;4.16&#8243; global_colors_info=&#8221;{}&#8221;][et_pb_team_member name=&#8221;Elsa Lopez Pintor&#8221; image_url=&#8221;https:\/\/saludglobal.umh.es\/files\/2022\/01\/lopez-web.jpg&#8221; module_id=&#8221;circle-image&#8221; module_class=&#8221;profesor&#8221; _builder_version=&#8221;4.16&#8243; header_font=&#8221;|700|||||||&#8221; header_font_size=&#8221;16px&#8221; header_line_height=&#8221;1.5em&#8221; text_orientation=&#8221;center&#8221; link_option_url=&#8221;https:\/\/saludglobal.umh.es\/miembros\/lopez-pintor-elsa\/&#8221; global_colors_info=&#8221;{}&#8221;][\/et_pb_team_member][et_pb_team_member name=&#8221;Maria Pastor-Valero&#8221; image_url=&#8221;https:\/\/saludglobal.umh.es\/files\/2022\/01\/pastor-web.jpg&#8221; module_id=&#8221;circle-image&#8221; module_class=&#8221;profesor&#8221; _builder_version=&#8221;4.16&#8243; header_font=&#8221;|700|||||||&#8221; header_font_size=&#8221;16px&#8221; header_line_height=&#8221;1.5em&#8221; text_orientation=&#8221;center&#8221; link_option_url=&#8221;https:\/\/saludglobal.umh.es\/miembros\/pastor-valero-maria-asuncion\/&#8221; global_colors_info=&#8221;{}&#8221;][\/et_pb_team_member][et_pb_team_member name=&#8221;Marta Puig Garc\u00eda &#8221; image_url=&#8221;https:\/\/saludglobal.umh.es\/files\/2022\/02\/marta-web.jpg&#8221; module_id=&#8221;circle-image&#8221; module_class=&#8221;profesor&#8221; _builder_version=&#8221;4.16&#8243; header_font=&#8221;|700|||||||&#8221; header_font_size=&#8221;16px&#8221; header_line_height=&#8221;1.5em&#8221; text_orientation=&#8221;center&#8221; link_option_url=&#8221;https:\/\/saludglobal.umh.es\/miembros\/marta-puig-garcia\/&#8221; global_colors_info=&#8221;{}&#8221;][\/et_pb_team_member][\/et_pb_column][et_pb_column type=&#8221;1_3&#8243; _builder_version=&#8221;4.16&#8243; global_colors_info=&#8221;{}&#8221;][et_pb_team_member name=&#8221;Elisa Chilet Rosell&#8221; image_url=&#8221;https:\/\/saludglobal.umh.es\/files\/2022\/01\/chilet-web.jpg&#8221; module_id=&#8221;circle-image&#8221; module_class=&#8221;profesor&#8221; _builder_version=&#8221;4.16&#8243; header_font=&#8221;|700|||||||&#8221; header_font_size=&#8221;16px&#8221; header_line_height=&#8221;1.5em&#8221; text_orientation=&#8221;center&#8221; link_option_url=&#8221;https:\/\/saludglobal.umh.es\/miembros\/chilet-rosell-elisa\/&#8221; global_colors_info=&#8221;{}&#8221;][\/et_pb_team_member][et_pb_team_member name=&#8221;Blanca Juana Lumbreras Lacarra&#8221; image_url=&#8221;https:\/\/saludglobal.umh.es\/files\/2022\/01\/lumbreras-web.jpg&#8221; module_id=&#8221;circle-image&#8221; module_class=&#8221;profesor&#8221; _builder_version=&#8221;4.16&#8243; header_font=&#8221;|700|||||||&#8221; header_font_size=&#8221;16px&#8221; header_line_height=&#8221;1.5em&#8221; text_orientation=&#8221;center&#8221; link_option_url=&#8221;https:\/\/saludglobal.umh.es\/miembros\/lumbreras-lacarra-blanca-juana\/&#8221; global_colors_info=&#8221;{}&#8221;][\/et_pb_team_member][\/et_pb_column][\/et_pb_row][\/et_pb_section][et_pb_section fb_built=&#8221;1&#8243; admin_label=&#8221;section&#8221; _builder_version=&#8221;4.16&#8243; global_colors_info=&#8221;{}&#8221;][et_pb_row admin_label=&#8221;row&#8221; _builder_version=&#8221;4.16&#8243; background_size=&#8221;initial&#8221; background_position=&#8221;top_left&#8221; background_repeat=&#8221;repeat&#8221; global_colors_info=&#8221;{}&#8221;][et_pb_column type=&#8221;4_4&#8243; _builder_version=&#8221;4.16&#8243; custom_padding=&#8221;|||&#8221; global_colors_info=&#8221;{}&#8221; custom_padding__hover=&#8221;|||&#8221;][\/et_pb_column][\/et_pb_row][et_pb_row disabled_on=&#8221;off|off|off&#8221; _builder_version=&#8221;4.16&#8243; global_colors_info=&#8221;{}&#8221;][et_pb_column type=&#8221;4_4&#8243; _builder_version=&#8221;4.16&#8243; global_colors_info=&#8221;{}&#8221;][\/et_pb_column][\/et_pb_row][et_pb_row disabled_on=&#8221;on|on|on&#8221; _builder_version=&#8221;4.16&#8243; disabled=&#8221;on&#8221; global_colors_info=&#8221;{}&#8221;][et_pb_column type=&#8221;4_4&#8243; _builder_version=&#8221;4.16&#8243; global_colors_info=&#8221;{}&#8221;][et_pb_text _builder_version=&#8221;4.16&#8243; global_colors_info=&#8221;{}&#8221;]<\/p>\n<h1><strong>Investigadores\/as en formaci\u00f3n<\/strong><\/h1>\n<p>[\/et_pb_text][\/et_pb_column][\/et_pb_row][et_pb_row column_structure=&#8221;1_3,1_3,1_3&#8243; disabled_on=&#8221;on|on|on&#8221; _builder_version=&#8221;4.16&#8243; disabled=&#8221;on&#8221; global_colors_info=&#8221;{}&#8221;][et_pb_column type=&#8221;1_3&#8243; _builder_version=&#8221;4.16&#8243; global_colors_info=&#8221;{}&#8221;][et_pb_team_member name=&#8221;Ikram Benazizi&#8221; image_url=&#8221;https:\/\/saludglobal.umh.es\/files\/2022\/01\/Benazizi-web.jpg&#8221; module_id=&#8221;circle-image&#8221; module_class=&#8221;profesor&#8221; _builder_version=&#8221;4.16&#8243; header_font=&#8221;|700|||||||&#8221; header_font_size=&#8221;16px&#8221; header_line_height=&#8221;1.5em&#8221; text_orientation=&#8221;center&#8221; link_option_url=&#8221;https:\/\/saludglobal.umh.es\/miembros\/ikram-benazizi\/&#8221; global_colors_info=&#8221;{}&#8221;][\/et_pb_team_member][et_pb_team_member name=&#8221;Ildefonso Hernandez Aguado&#8221; position=&#8221;Director del Grupo&#8221; image_url=&#8221;https:\/\/saludglobal.umh.es\/files\/2022\/01\/hernandez-web.jpg&#8221; module_id=&#8221;circle-image&#8221; module_class=&#8221;profesor&#8221; _builder_version=&#8221;4.16&#8243; header_font=&#8221;|700|||||||&#8221; header_font_size=&#8221;16px&#8221; header_line_height=&#8221;1.5em&#8221; text_orientation=&#8221;center&#8221; link_option_url=&#8221;https:\/\/saludglobal.umh.es\/miembros\/hernandez-aguado-ildefonso\/&#8221; global_colors_info=&#8221;{}&#8221;][\/et_pb_team_member][et_pb_team_member name=&#8221;Lucy Anne Parker&#8221; image_url=&#8221;https:\/\/saludglobal.umh.es\/files\/2022\/01\/parker-web.jpg&#8221; module_id=&#8221;circle-image&#8221; module_class=&#8221;profesor&#8221; _builder_version=&#8221;4.16&#8243; header_font=&#8221;|700|||||||&#8221; header_font_size=&#8221;16px&#8221; header_line_height=&#8221;1.5em&#8221; text_orientation=&#8221;center&#8221; link_option_url=&#8221;https:\/\/saludglobal.umh.es\/miembros\/parker-lucy-anne\/&#8221; global_colors_info=&#8221;{}&#8221;][\/et_pb_team_member][\/et_pb_column][et_pb_column type=&#8221;1_3&#8243; _builder_version=&#8221;4.16&#8243; global_colors_info=&#8221;{}&#8221;][et_pb_team_member name=&#8221;Elsa Lopez Pintor&#8221; image_url=&#8221;https:\/\/saludglobal.umh.es\/files\/2022\/01\/lopez-web.jpg&#8221; module_id=&#8221;circle-image&#8221; module_class=&#8221;profesor&#8221; _builder_version=&#8221;4.16&#8243; header_font=&#8221;|700|||||||&#8221; header_font_size=&#8221;16px&#8221; header_line_height=&#8221;1.5em&#8221; text_orientation=&#8221;center&#8221; link_option_url=&#8221;https:\/\/saludglobal.umh.es\/miembros\/lopez-pintor-elsa\/&#8221; global_colors_info=&#8221;{}&#8221;][\/et_pb_team_member][et_pb_team_member name=&#8221;Maria Pastor-Valero&#8221; image_url=&#8221;https:\/\/saludglobal.umh.es\/files\/2022\/01\/pastor-web.jpg&#8221; module_id=&#8221;circle-image&#8221; module_class=&#8221;profesor&#8221; _builder_version=&#8221;4.16&#8243; header_font=&#8221;|700|||||||&#8221; header_font_size=&#8221;16px&#8221; header_line_height=&#8221;1.5em&#8221; text_orientation=&#8221;center&#8221; link_option_url=&#8221;https:\/\/saludglobal.umh.es\/miembros\/pastor-valero-maria-asuncion\/&#8221; global_colors_info=&#8221;{}&#8221;][\/et_pb_team_member][et_pb_team_member name=&#8221;Marta Puig Garc\u00eda &#8221; image_url=&#8221;https:\/\/saludglobal.umh.es\/files\/2022\/02\/marta-web.jpg&#8221; module_id=&#8221;circle-image&#8221; module_class=&#8221;profesor&#8221; _builder_version=&#8221;4.16&#8243; header_font=&#8221;|700|||||||&#8221; header_font_size=&#8221;16px&#8221; header_line_height=&#8221;1.5em&#8221; text_orientation=&#8221;center&#8221; link_option_url=&#8221;https:\/\/saludglobal.umh.es\/miembros\/marta-puig-garcia\/&#8221; global_colors_info=&#8221;{}&#8221;][\/et_pb_team_member][\/et_pb_column][et_pb_column type=&#8221;1_3&#8243; _builder_version=&#8221;4.16&#8243; global_colors_info=&#8221;{}&#8221;][et_pb_team_member name=&#8221;Elisa Chilet Rosell&#8221; image_url=&#8221;https:\/\/saludglobal.umh.es\/files\/2022\/01\/chilet-web.jpg&#8221; module_id=&#8221;circle-image&#8221; module_class=&#8221;profesor&#8221; _builder_version=&#8221;4.16&#8243; header_font=&#8221;|700|||||||&#8221; header_font_size=&#8221;16px&#8221; header_line_height=&#8221;1.5em&#8221; text_orientation=&#8221;center&#8221; link_option_url=&#8221;https:\/\/saludglobal.umh.es\/miembros\/chilet-rosell-elisa\/&#8221; global_colors_info=&#8221;{}&#8221;][\/et_pb_team_member][et_pb_team_member name=&#8221;Blanca Juana Lumbreras Lacarra&#8221; image_url=&#8221;https:\/\/saludglobal.umh.es\/files\/2022\/01\/lumbreras-web.jpg&#8221; module_id=&#8221;circle-image&#8221; module_class=&#8221;profesor&#8221; _builder_version=&#8221;4.16&#8243; header_font=&#8221;|700|||||||&#8221; header_font_size=&#8221;16px&#8221; header_line_height=&#8221;1.5em&#8221; text_orientation=&#8221;center&#8221; link_option_url=&#8221;https:\/\/saludglobal.umh.es\/miembros\/lumbreras-lacarra-blanca-juana\/&#8221; global_colors_info=&#8221;{}&#8221;][\/et_pb_team_member][\/et_pb_column][\/et_pb_row][\/et_pb_section][et_pb_section fb_built=&#8221;1&#8243; admin_label=&#8221;section&#8221; _builder_version=&#8221;4.16&#8243; global_colors_info=&#8221;{}&#8221;][et_pb_row admin_label=&#8221;row&#8221; _builder_version=&#8221;4.16&#8243; background_size=&#8221;initial&#8221; background_position=&#8221;top_left&#8221; background_repeat=&#8221;repeat&#8221; global_colors_info=&#8221;{}&#8221;][et_pb_column type=&#8221;4_4&#8243; _builder_version=&#8221;4.16&#8243; custom_padding=&#8221;|||&#8221; global_colors_info=&#8221;{}&#8221; custom_padding__hover=&#8221;|||&#8221;][\/et_pb_column][\/et_pb_row][et_pb_row disabled_on=&#8221;off|off|off&#8221; _builder_version=&#8221;4.16&#8243; global_colors_info=&#8221;{}&#8221;][et_pb_column type=&#8221;4_4&#8243; _builder_version=&#8221;4.16&#8243; global_colors_info=&#8221;{}&#8221;][\/et_pb_column][\/et_pb_row][et_pb_row disabled_on=&#8221;on|on|on&#8221; _builder_version=&#8221;4.16&#8243; disabled=&#8221;on&#8221; global_colors_info=&#8221;{}&#8221;][et_pb_column type=&#8221;4_4&#8243; _builder_version=&#8221;4.16&#8243; global_colors_info=&#8221;{}&#8221;][et_pb_text _builder_version=&#8221;4.16&#8243; global_colors_info=&#8221;{}&#8221;]<\/p>\n<h1><strong>Investigadores\/as en formaci\u00f3n<\/strong><\/h1>\n<p>[\/et_pb_text][\/et_pb_column][\/et_pb_row][et_pb_row column_structure=&#8221;1_3,1_3,1_3&#8243; disabled_on=&#8221;on|on|on&#8221; _builder_version=&#8221;4.16&#8243; disabled=&#8221;on&#8221; global_colors_info=&#8221;{}&#8221;][et_pb_column type=&#8221;1_3&#8243; _builder_version=&#8221;4.16&#8243; global_colors_info=&#8221;{}&#8221;][et_pb_team_member name=&#8221;Ikram Benazizi&#8221; image_url=&#8221;https:\/\/saludglobal.umh.es\/files\/2022\/01\/Benazizi-web.jpg&#8221; module_id=&#8221;circle-image&#8221; module_class=&#8221;profesor&#8221; _builder_version=&#8221;4.16&#8243; header_font=&#8221;|700|||||||&#8221; header_font_size=&#8221;16px&#8221; header_line_height=&#8221;1.5em&#8221; text_orientation=&#8221;center&#8221; link_option_url=&#8221;https:\/\/saludglobal.umh.es\/miembros\/ikram-benazizi\/&#8221; global_colors_info=&#8221;{}&#8221;][\/et_pb_team_member][et_pb_team_member name=&#8221;Ildefonso Hernandez Aguado&#8221; position=&#8221;Director del Grupo&#8221; image_url=&#8221;https:\/\/saludglobal.umh.es\/files\/2022\/01\/hernandez-web.jpg&#8221; module_id=&#8221;circle-image&#8221; module_class=&#8221;profesor&#8221; _builder_version=&#8221;4.16&#8243; header_font=&#8221;|700|||||||&#8221; header_font_size=&#8221;16px&#8221; header_line_height=&#8221;1.5em&#8221; text_orientation=&#8221;center&#8221; link_option_url=&#8221;https:\/\/saludglobal.umh.es\/miembros\/hernandez-aguado-ildefonso\/&#8221; global_colors_info=&#8221;{}&#8221;][\/et_pb_team_member][et_pb_team_member name=&#8221;Lucy Anne Parker&#8221; image_url=&#8221;https:\/\/saludglobal.umh.es\/files\/2022\/01\/parker-web.jpg&#8221; module_id=&#8221;circle-image&#8221; module_class=&#8221;profesor&#8221; _builder_version=&#8221;4.16&#8243; header_font=&#8221;|700|||||||&#8221; header_font_size=&#8221;16px&#8221; header_line_height=&#8221;1.5em&#8221; text_orientation=&#8221;center&#8221; link_option_url=&#8221;https:\/\/saludglobal.umh.es\/miembros\/parker-lucy-anne\/&#8221; global_colors_info=&#8221;{}&#8221;][\/et_pb_team_member][\/et_pb_column][et_pb_column type=&#8221;1_3&#8243; _builder_version=&#8221;4.16&#8243; global_colors_info=&#8221;{}&#8221;][et_pb_team_member name=&#8221;Elsa Lopez Pintor&#8221; image_url=&#8221;https:\/\/saludglobal.umh.es\/files\/2022\/01\/lopez-web.jpg&#8221; module_id=&#8221;circle-image&#8221; module_class=&#8221;profesor&#8221; _builder_version=&#8221;4.16&#8243; header_font=&#8221;|700|||||||&#8221; header_font_size=&#8221;16px&#8221; header_line_height=&#8221;1.5em&#8221; text_orientation=&#8221;center&#8221; link_option_url=&#8221;https:\/\/saludglobal.umh.es\/miembros\/lopez-pintor-elsa\/&#8221; global_colors_info=&#8221;{}&#8221;][\/et_pb_team_member][et_pb_team_member name=&#8221;Maria Pastor-Valero&#8221; image_url=&#8221;https:\/\/saludglobal.umh.es\/files\/2022\/01\/pastor-web.jpg&#8221; module_id=&#8221;circle-image&#8221; module_class=&#8221;profesor&#8221; _builder_version=&#8221;4.16&#8243; header_font=&#8221;|700|||||||&#8221; header_font_size=&#8221;16px&#8221; header_line_height=&#8221;1.5em&#8221; text_orientation=&#8221;center&#8221; link_option_url=&#8221;https:\/\/saludglobal.umh.es\/miembros\/pastor-valero-maria-asuncion\/&#8221; global_colors_info=&#8221;{}&#8221;][\/et_pb_team_member][et_pb_team_member name=&#8221;Marta Puig Garc\u00eda &#8221; image_url=&#8221;https:\/\/saludglobal.umh.es\/files\/2022\/02\/marta-web.jpg&#8221; module_id=&#8221;circle-image&#8221; module_class=&#8221;profesor&#8221; _builder_version=&#8221;4.16&#8243; header_font=&#8221;|700|||||||&#8221; header_font_size=&#8221;16px&#8221; header_line_height=&#8221;1.5em&#8221; text_orientation=&#8221;center&#8221; link_option_url=&#8221;https:\/\/saludglobal.umh.es\/miembros\/marta-puig-garcia\/&#8221; global_colors_info=&#8221;{}&#8221;][\/et_pb_team_member][\/et_pb_column][et_pb_column type=&#8221;1_3&#8243; _builder_version=&#8221;4.16&#8243; global_colors_info=&#8221;{}&#8221;][et_pb_team_member name=&#8221;Elisa Chilet Rosell&#8221; image_url=&#8221;https:\/\/saludglobal.umh.es\/files\/2022\/01\/chilet-web.jpg&#8221; module_id=&#8221;circle-image&#8221; module_class=&#8221;profesor&#8221; _builder_version=&#8221;4.16&#8243; header_font=&#8221;|700|||||||&#8221; header_font_size=&#8221;16px&#8221; header_line_height=&#8221;1.5em&#8221; text_orientation=&#8221;center&#8221; link_option_url=&#8221;https:\/\/saludglobal.umh.es\/miembros\/chilet-rosell-elisa\/&#8221; global_colors_info=&#8221;{}&#8221;][\/et_pb_team_member][et_pb_team_member name=&#8221;Blanca Juana Lumbreras Lacarra&#8221; image_url=&#8221;https:\/\/saludglobal.umh.es\/files\/2022\/01\/lumbreras-web.jpg&#8221; module_id=&#8221;circle-image&#8221; module_class=&#8221;profesor&#8221; _builder_version=&#8221;4.16&#8243; header_font=&#8221;|700|||||||&#8221; header_font_size=&#8221;16px&#8221; header_line_height=&#8221;1.5em&#8221; text_orientation=&#8221;center&#8221; link_option_url=&#8221;https:\/\/saludglobal.umh.es\/miembros\/lumbreras-lacarra-blanca-juana\/&#8221; global_colors_info=&#8221;{}&#8221;][\/et_pb_team_member][\/et_pb_column][\/et_pb_row][\/et_pb_section]<\/p>\n","protected":false},"excerpt":{"rendered":"<p>El Grupo de Investigaci\u00f3n en Salud Global es un grupo de investigaci\u00f3n consolidado de la Universidad Miguel Hern\u00e1ndez de Elche, adscrito al Departamento de Salud P\u00fablica, Historia de la Ciencia y Ginecolog\u00eda de la UMH. Forma parte del Centro de Investigaci\u00f3n Biom\u00e9dica en Red de Epidemiolog\u00eda y Salud P\u00fablica, CIBERESP, en Epidemiolog\u00eda y Salud P\u00fablica, [&hellip;]<\/p>\n","protected":false},"author":3158,"featured_media":0,"parent":0,"menu_order":0,"comment_status":"closed","ping_status":"closed","template":"","meta":{"_et_pb_use_builder":"on","_et_pb_old_content":"<p>[et_pb_section fb_built=\"1\" admin_label=\"section\" _builder_version=\"4.16\" global_colors_info=\"{}\"][et_pb_row admin_label=\"row\" _builder_version=\"4.16\" background_size=\"initial\" background_position=\"top_left\" background_repeat=\"repeat\" global_colors_info=\"{}\"][et_pb_column type=\"4_4\" _builder_version=\"4.16\" custom_padding=\"|||\" global_colors_info=\"{}\" custom_padding__hover=\"|||\"][et_pb_image src=\"https:\/\/saludglobal.umh.es\/files\/2025\/01\/000_salud-global_umh_grupo-v3.png\" title_text=\"_000_salud-global_umh_grupo-v3\" align=\"center\" _builder_version=\"4.17.4\" global_colors_info=\"{}\"][\/et_pb_image][et_pb_text disabled_on=\"off|off|off\" _builder_version=\"4.17.4\" global_colors_info=\"{}\"]<\/p><p style=\"text-align: justify;\"><span style=\"font-weight: 400;\">El Grupo de Investigaci\u00f3n en Salud Global es un grupo de investigaci\u00f3n consolidado de la Universidad Miguel Hern\u00e1ndez de Elche, adscrito al Departamento de Salud P\u00fablica, Historia de la Ciencia y Ginecolog\u00eda de la UMH. Forma parte del Centro de Investigaci\u00f3n Biom\u00e9dica en Red de Epidemiolog\u00eda y Salud P\u00fablica, CIBERESP, en Epidemiolog\u00eda y Salud P\u00fablica, dentro del Programa de Eficiencia y Equidad del Sistema Sanitario (Grupo 26). El equipo est\u00e1 dirigido por el catedr\u00e1tico <\/span><a href=\"https:\/\/universite.umh.es\/profesores\/fichaprofesor.asp?NP=5606\">Ildefonso Hern\u00e1ndez Aguado <\/a>y est\u00e1 formado por dos catedr\u00e1ticos, dos profesoras titulares, una profesora contratada doctor, una profesora ayudante doctor y una investigadora postdoctoral, as\u00ed como numerosos colaboradores externos de diferentes centros nacionales e internacionales. Adem\u00e1s, actualmente cuenta con cuatro investigadores predoctorales contratados. Entre todos suman 12 sexenios de investigaci\u00f3n y uno e transferencia.<\/p><p style=\"text-align: justify;\"><span style=\"font-weight: 400;\">Su misi\u00f3n es mejorar la salud de las poblaciones mediante acciones de investigaci\u00f3n, de formaci\u00f3n, de divulgaci\u00f3n cient\u00edfica y de defensa de la salud de la poblaci\u00f3n. Con este cometido, engloba \u00e1reas diversas que van desde las pol\u00edticas sobre salud global, el envejecimiento o el cambio clim\u00e1tico hasta la mejora de la adherencia a los tratamientos de los pacientes, siempre con la meta de mejorar la salud colectiva.<\/span><\/p><p style=\"text-align: justify;\"><span style=\"font-weight: 400;\">Adem\u00e1s,\u00a0contribuye a la formaci\u00f3n de los profesionales diversos que operan en el mundo de la salud global dirigiendo el<\/span>\u00a0<a href=\"http:\/\/mastercooperacion.edu.umh.es\/\">M\u00e1ster Interuniversitario de Cooperaci\u00f3n al Desarrollo, especialidad Salud en Pa\u00edses en Desarrollo de la Universidad Miguel Hern\u00e1ndez. <\/a><span style=\"font-weight: 400;\">Ta<\/span><span style=\"font-weight: 400;\">mbi\u00e9n <\/span><span style=\"font-weight: 400;\">participa en el <a href=\"https:\/\/tordesillasdoctoral.umh.es\/\">Colegio Doctoral Tordesillas de Salud P\u00fablica e Historia de la Ciencia<\/a> donde participan las facultades de Medicina de las Universidades de Porto, Sao Paulo y Miguel Hern\u00e1ndez de Elche.<\/span><\/p><p>El grupo de investigaci\u00f3n tambi\u00e9n forma parte del Consejo Acad\u00e9mico y del Consejo Asesor de la Escuela de Salud P\u00fablica de Menorca (ESPM) en el Llatzeret de Ma\u00f3.<\/p><p style=\"text-align: justify;\"><span style=\"font-weight: 400;\">Por otra parte, coordina la publicaci\u00f3n de un <a href=\"https:\/\/www.wfpha.org\/casebook-on-advocacy-in-public-health\/\">Casebook on Advocacy in Public Health<\/a> junto con la World Federation of Public Health Associations. Se incide en la importancia de acompa\u00f1ar la investigaci\u00f3n con una amplia difusi\u00f3n social y acciones de incidencia pol\u00edtica, promoviendo as\u00ed su transferencia en acciones de salud p\u00fablica que realmente mejoren la salud de la poblaci\u00f3n.\u00a0<\/span><\/p><p style=\"text-align: justify;\">El Grupo de Investigaci\u00f3n en Salud Global d<span style=\"font-weight: 400;\">esarrolla su investigaci\u00f3n con un enfoque multidisciplinar en colaboraci\u00f3n con m\u00faltiples colaboradores tanto a nivel nacional como internacional. Se encuentra <\/span>en l\u00ednea con los Objetivos de Desarrollo Sostenible, comprometido con la principal misi\u00f3n de la Salud P\u00fablica que es la mejora de la salud de la poblaci\u00f3n bas\u00e1ndose en sus principios radicales: la aplicaci\u00f3n de los derechos humanos y la justicia social efectiva.<\/p><p>[\/et_pb_text][\/et_pb_column][\/et_pb_row][et_pb_row _builder_version=\"4.17.4\" _module_preset=\"default\" global_colors_info=\"{}\"][et_pb_column type=\"4_4\" _builder_version=\"4.17.4\" _module_preset=\"default\" global_colors_info=\"{}\"][et_pb_text disabled_on=\"off|off|off\" admin_label=\"Texto\" _builder_version=\"4.17.4\" global_colors_info=\"{}\"]<\/p><h1><strong>Equipo Investigador<\/strong><\/h1><p>\u00a0<\/p><p>[\/et_pb_text][\/et_pb_column][\/et_pb_row][et_pb_row column_structure=\"1_3,1_3,1_3\" disabled_on=\"off|off|off\" _builder_version=\"4.16\" global_colors_info=\"{}\"][et_pb_column type=\"1_3\" _builder_version=\"4.16\" global_colors_info=\"{}\"][et_pb_team_member name=\"Blanca Juana Lumbreras Lacarra\" image_url=\"https:\/\/saludglobal.umh.es\/files\/2025\/01\/salud-global_Blanca-Lumbreras-150x150.jpg\" module_id=\"circle-image\" module_class=\"profesor\" _builder_version=\"4.17.4\" header_font=\"|700|||||||\" header_font_size=\"14px\" header_line_height=\"1.5em\" text_orientation=\"center\" link_option_url=\"https:\/\/saludglobal.umh.es\/miembros\/lumbreras-lacarra-blanca-juana\/\" global_colors_info=\"{}\"][\/et_pb_team_member][et_pb_team_member name=\"Lucy Anne Parker\" image_url=\"https:\/\/saludglobal.umh.es\/files\/2025\/01\/salud-global_Lucy-Parker-1-150x150.jpg\" module_id=\"circle-image\" module_class=\"profesor\" _builder_version=\"4.17.4\" header_font=\"|700|||||||\" header_font_size=\"14px\" header_line_height=\"1.5em\" text_orientation=\"center\" link_option_url=\"https:\/\/saludglobal.umh.es\/miembros\/parker-lucy-anne\/\" global_colors_info=\"{}\"][\/et_pb_team_member][et_pb_team_member name=\"M\u00aa Jos\u00e9 Sanch\u00eds Ram\u00f3n\" image_url=\"https:\/\/saludglobal.umh.es\/files\/2025\/02\/Maria-Jose-Sanchis-300x300-1-150x150.jpg\" _builder_version=\"4.17.4\" _module_preset=\"default\" header_font=\"|700|||||||\" header_font_size=\"14px\" header_line_height=\"1.5em\" body_text_color=\"#000000\" text_orientation=\"center\" link_option_url=\" https:\/\/saludglobal.umh.es\/miembros\/maria-jose-sanchis-ramon\/ \" hover_enabled=\"0\" global_colors_info=\"{}\" title_text=\"Maria-Jose-Sanchis-300x300\" sticky_enabled=\"0\"][\/et_pb_team_member][et_pb_team_member name=\"Gema Urda Bl\u00e1zquez\" image_url=\"https:\/\/saludglobal.umh.es\/files\/2025\/01\/salud-global_Gema-Urda-1-150x150.jpg\" _builder_version=\"4.17.4\" _module_preset=\"default\" header_font=\"|700|||||||\" header_font_size=\"14px\" header_line_height=\"1.5em\" body_line_height=\"1.5em\" text_orientation=\"center\" link_option_url=\"https:\/\/saludglobal.umh.es\/gema-urda-blazquez\/\" global_colors_info=\"{}\"][\/et_pb_team_member][et_pb_team_member name=\"Israel Mart\u00ednez Guerrero\" image_url=\"https:\/\/saludglobal.umh.es\/files\/2025\/01\/salud-global_Israel-Martinez-150x150.jpg\" _builder_version=\"4.17.4\" _module_preset=\"default\" header_font=\"|700|||||||\" header_font_size=\"14px\" header_line_height=\"1.5em\" text_orientation=\"center\" link_option_url=\"https:\/\/saludglobal.umh.es\/miembros\/israel-martinez-guerrero\/\" global_colors_info=\"{}\"][\/et_pb_team_member][\/et_pb_column][et_pb_column type=\"1_3\" _builder_version=\"4.16\" global_colors_info=\"{}\"][et_pb_team_member name=\"Elsa L\u00f3pez Pintor\" image_url=\"https:\/\/saludglobal.umh.es\/files\/2025\/01\/salud-global_Elsa-Lopez-150x150.jpg\" module_id=\"circle-image\" module_class=\"profesor\" _builder_version=\"4.17.4\" header_font=\"|700|||||||\" header_font_size=\"14px\" header_line_height=\"1.5em\" text_orientation=\"center\" link_option_url=\"https:\/\/saludglobal.umh.es\/miembros\/lopez-pintor-elsa\/\" global_colors_info=\"{}\"][\/et_pb_team_member][et_pb_team_member name=\"Mar\u00eda Pastor Valero\" image_url=\"https:\/\/saludglobal.umh.es\/files\/2025\/01\/salud-global_Maria-Pator_.jpg\" module_id=\"circle-image\" module_class=\"profesor\" _builder_version=\"4.17.4\" header_font=\"|700|||||||\" header_font_size=\"14px\" header_line_height=\"1.5em\" text_orientation=\"center\" link_option_url=\"https:\/\/saludglobal.umh.es\/miembros\/pastor-valero-maria-asuncion\/\" global_colors_info=\"{}\"][\/et_pb_team_member][et_pb_team_member name=\"Marta Puig Garc\u00eda \" image_url=\"https:\/\/saludglobal.umh.es\/files\/2025\/01\/Marta-Puig-Garcia-150x150.jpg\" module_id=\"circle-image\" module_class=\"profesor\" _builder_version=\"4.17.4\" header_font=\"|700|||||||\" header_font_size=\"14px\" header_line_height=\"1.5em\" text_orientation=\"center\" link_option_url=\"https:\/\/saludglobal.umh.es\/miembros\/marta-puig-garcia\/\" global_colors_info=\"{}\"][\/et_pb_team_member][et_pb_team_member name=\"Abraham Beltr\u00e1n P\u00e9rez\" image_url=\"https:\/\/saludglobal.umh.es\/files\/2025\/01\/salud-global_Abraham-Beltran-150x150.jpg\" _builder_version=\"4.17.4\" _module_preset=\"default\" header_font=\"|700|||||||\" header_font_size=\"14px\" header_line_height=\"1.5em\" text_orientation=\"center\" link_option_url=\"https:\/\/saludglobal.umh.es\/abraham-beltran-perez\/\" global_colors_info=\"{}\"][\/et_pb_team_member][et_pb_team_member name=\"Ildefonso Hern\u00e1ndez Aguado\" position=\"Director del Grupo\" image_url=\"https:\/\/saludglobal.umh.es\/files\/2025\/01\/salud-global_Ildefonso-Hernandez_v2-1-150x150.jpg\" module_id=\"circle-image\" module_class=\"profesor\" _builder_version=\"4.17.4\" header_font=\"|700|||||||\" header_font_size=\"14px\" header_line_height=\"1.5em\" text_orientation=\"center\" link_option_url=\"https:\/\/saludglobal.umh.es\/miembros\/hernandez-aguado-ildefonso\/\" global_colors_info=\"{}\"][\/et_pb_team_member][\/et_pb_column][et_pb_column type=\"1_3\" _builder_version=\"4.16\" global_colors_info=\"{}\"][et_pb_team_member name=\"Elisa Chilet Rosell\" image_url=\"https:\/\/saludglobal.umh.es\/files\/2025\/01\/salud-global_Elisa-Chilet-150x150.jpg\" module_id=\"circle-image\" module_class=\"profesor\" _builder_version=\"4.17.4\" header_font=\"|700|||||||\" header_font_size=\"14px\" header_line_height=\"1.5em\" text_orientation=\"center\" link_option_url=\"https:\/\/saludglobal.umh.es\/miembros\/chilet-rosell-elisa\/\" global_colors_info=\"{}\"][\/et_pb_team_member][et_pb_team_member name=\"Lucrecia Acosta Soto\" image_url=\"https:\/\/saludglobal.umh.es\/files\/2025\/01\/salud-global_Lucrecia-Acosta-150x150.jpg\" _builder_version=\"4.17.4\" _module_preset=\"default\" header_font=\"|700|||||||\" header_font_size=\"14px\" header_line_height=\"1.5em\" text_orientation=\"center\" link_option_url=\"https:\/\/saludglobal.umh.es\/lucrecia-acosta\/\" global_colors_info=\"{}\"][\/et_pb_team_member][et_pb_team_member name=\"Sergio Morales Garz\u00f3n\" image_url=\"https:\/\/saludglobal.umh.es\/files\/2025\/01\/salud-global_Sergio-Morales-150x150.jpg\" _builder_version=\"4.17.4\" header_font=\"|700|||||||\" header_font_size=\"14px\" header_line_height=\"1.5em\" text_orientation=\"center\" link_option_url=\"https:\/\/saludglobal.umh.es\/1822-2\/\" global_colors_info=\"{}\"][\/et_pb_team_member][et_pb_team_member name=\"Clara Blanes Mira\" image_url=\"https:\/\/saludglobal.umh.es\/files\/2025\/01\/salud-global_Clara-Blanes-150x150.jpg\" _builder_version=\"4.17.4\" _module_preset=\"default\" header_font=\"|700|||||||\" header_font_size=\"14px\" header_line_height=\"1.5em\" text_orientation=\"center\" link_option_url=\"https:\/\/saludglobal.umh.es\/clara-blanes-mira\/\" global_colors_info=\"{}\"][\/et_pb_team_member][\/et_pb_column][\/et_pb_row][et_pb_row disabled_on=\"off|off|off\" _builder_version=\"4.16\" global_colors_info=\"{}\"][et_pb_column type=\"4_4\" _builder_version=\"4.16\" global_colors_info=\"{}\"][et_pb_text disabled_on=\"off|off|off\" _builder_version=\"4.16\" global_colors_info=\"{}\"]<\/p><h1><strong>Colaboradores\/as<\/strong><\/h1><p>\u00a0<br \/>[\/et_pb_text][\/et_pb_column][\/et_pb_row][et_pb_row column_structure=\"1_3,1_3,1_3\" _builder_version=\"4.16\" global_colors_info=\"{}\"][et_pb_column type=\"1_3\" _builder_version=\"4.16\" global_colors_info=\"{}\"][et_pb_team_member name=\"Manuel Gonz\u00e1lez- Moro Tolosana\" image_url=\"https:\/\/saludglobal.umh.es\/files\/2025\/01\/salud-global_Manuel-Tolosa-150x150.jpg\" _builder_version=\"4.17.4\" header_font=\"|700|||||||\" header_font_size=\"14px\" header_line_height=\"1.5em\" text_orientation=\"center\" overflow-x=\"visible\" overflow-y=\"visible\" link_option_url=\"https:\/\/saludglobal.umh.es\/manuel-gonzalez-moro-tolosana\/\" global_colors_info=\"{}\"][\/et_pb_team_member][et_pb_team_member name=\"Adri\u00e1n San Roque\" image_url=\"https:\/\/saludglobal.umh.es\/files\/2025\/01\/salud-global_Adrian-San-Roque-150x150.jpg\" _builder_version=\"4.17.4\" _module_preset=\"default\" header_font=\"|700|||||||\" header_font_size=\"14px\" header_line_height=\"1.5em\" text_orientation=\"center\" link_option_url=\" https:\/\/saludglobal.umh.es\/2025\/01\/28\/adrian-sanroque\/\" global_colors_info=\"{}\"][\/et_pb_team_member][\/et_pb_column][et_pb_column type=\"1_3\" _builder_version=\"4.16\" global_colors_info=\"{}\"][et_pb_team_member name=\"M\u00aa del Mar Miralles Pascual\" image_url=\"https:\/\/saludglobal.umh.es\/files\/2025\/01\/Maria-del-Mar-Miralles-150x150.jpg\" _builder_version=\"4.17.4\" _module_preset=\"default\" header_font=\"|700|||||||\" header_font_size=\"14px\" header_line_height=\"1.5em\" text_orientation=\"center\" link_option_url=\"https:\/\/saludglobal.umh.es\/maria-del-mar-miralles\/\" global_colors_info=\"{}\"][\/et_pb_team_member][\/et_pb_column][et_pb_column type=\"1_3\" _builder_version=\"4.16\" global_colors_info=\"{}\"][et_pb_team_member name=\"Noelia Navarro Aranda\" image_url=\"https:\/\/saludglobal.umh.es\/files\/2025\/01\/salud-global_Noelia-Navarro-1-150x150.jpg\" _builder_version=\"4.17.4\" _module_preset=\"default\" header_font=\"|700|||||||\" header_font_size=\"14px\" header_line_height=\"1.5em\" text_orientation=\"center\" link_option_url=\" https:\/\/saludglobal.umh.es\/2025\/01\/28\/noelia-navarro\" global_colors_info=\"{}\"][\/et_pb_team_member][\/et_pb_column][\/et_pb_row][\/et_pb_section][et_pb_section fb_built=\"1\" admin_label=\"section\" _builder_version=\"4.16\" global_colors_info=\"{}\"][et_pb_row admin_label=\"row\" _builder_version=\"4.16\" background_size=\"initial\" background_position=\"top_left\" background_repeat=\"repeat\" global_colors_info=\"{}\"][et_pb_column type=\"4_4\" _builder_version=\"4.16\" custom_padding=\"|||\" global_colors_info=\"{}\" custom_padding__hover=\"|||\"][\/et_pb_column][\/et_pb_row][et_pb_row disabled_on=\"on|on|on\" _builder_version=\"4.16\" disabled=\"on\" global_colors_info=\"{}\"][et_pb_column type=\"4_4\" _builder_version=\"4.16\" global_colors_info=\"{}\"][et_pb_text _builder_version=\"4.16\" global_colors_info=\"{}\"]<\/p><h1><strong>Investigadores\/as en formaci\u00f3n<\/strong><\/h1><p>[\/et_pb_text][\/et_pb_column][\/et_pb_row][et_pb_row column_structure=\"1_3,1_3,1_3\" disabled_on=\"on|on|on\" _builder_version=\"4.16\" disabled=\"on\" global_colors_info=\"{}\"][et_pb_column type=\"1_3\" _builder_version=\"4.16\" global_colors_info=\"{}\"][et_pb_team_member name=\"Ikram Benazizi\" image_url=\"https:\/\/saludglobal.umh.es\/files\/2022\/01\/Benazizi-web.jpg\" module_id=\"circle-image\" module_class=\"profesor\" _builder_version=\"4.16\" header_font=\"|700|||||||\" header_font_size=\"16px\" header_line_height=\"1.5em\" text_orientation=\"center\" link_option_url=\"https:\/\/saludglobal.umh.es\/miembros\/ikram-benazizi\/\" global_colors_info=\"{}\"][\/et_pb_team_member][et_pb_team_member name=\"Ildefonso Hernandez Aguado\" position=\"Director del Grupo\" image_url=\"https:\/\/saludglobal.umh.es\/files\/2022\/01\/hernandez-web.jpg\" module_id=\"circle-image\" module_class=\"profesor\" _builder_version=\"4.16\" header_font=\"|700|||||||\" header_font_size=\"16px\" header_line_height=\"1.5em\" text_orientation=\"center\" link_option_url=\"https:\/\/saludglobal.umh.es\/miembros\/hernandez-aguado-ildefonso\/\" global_colors_info=\"{}\"][\/et_pb_team_member][et_pb_team_member name=\"Lucy Anne Parker\" image_url=\"https:\/\/saludglobal.umh.es\/files\/2022\/01\/parker-web.jpg\" module_id=\"circle-image\" module_class=\"profesor\" _builder_version=\"4.16\" header_font=\"|700|||||||\" header_font_size=\"16px\" header_line_height=\"1.5em\" text_orientation=\"center\" link_option_url=\"https:\/\/saludglobal.umh.es\/miembros\/parker-lucy-anne\/\" global_colors_info=\"{}\"][\/et_pb_team_member][\/et_pb_column][et_pb_column type=\"1_3\" _builder_version=\"4.16\" global_colors_info=\"{}\"][et_pb_team_member name=\"Elsa Lopez Pintor\" image_url=\"https:\/\/saludglobal.umh.es\/files\/2022\/01\/lopez-web.jpg\" module_id=\"circle-image\" module_class=\"profesor\" _builder_version=\"4.16\" header_font=\"|700|||||||\" header_font_size=\"16px\" header_line_height=\"1.5em\" text_orientation=\"center\" link_option_url=\"https:\/\/saludglobal.umh.es\/miembros\/lopez-pintor-elsa\/\" global_colors_info=\"{}\"][\/et_pb_team_member][et_pb_team_member name=\"Maria Pastor-Valero\" image_url=\"https:\/\/saludglobal.umh.es\/files\/2022\/01\/pastor-web.jpg\" module_id=\"circle-image\" module_class=\"profesor\" _builder_version=\"4.16\" header_font=\"|700|||||||\" header_font_size=\"16px\" header_line_height=\"1.5em\" text_orientation=\"center\" link_option_url=\"https:\/\/saludglobal.umh.es\/miembros\/pastor-valero-maria-asuncion\/\" global_colors_info=\"{}\"][\/et_pb_team_member][et_pb_team_member name=\"Marta Puig Garc\u00eda \" image_url=\"https:\/\/saludglobal.umh.es\/files\/2022\/02\/marta-web.jpg\" module_id=\"circle-image\" module_class=\"profesor\" _builder_version=\"4.16\" header_font=\"|700|||||||\" header_font_size=\"16px\" header_line_height=\"1.5em\" text_orientation=\"center\" link_option_url=\"https:\/\/saludglobal.umh.es\/miembros\/marta-puig-garcia\/\" global_colors_info=\"{}\"][\/et_pb_team_member][\/et_pb_column][et_pb_column type=\"1_3\" _builder_version=\"4.16\" global_colors_info=\"{}\"][et_pb_team_member name=\"Elisa Chilet Rosell\" image_url=\"https:\/\/saludglobal.umh.es\/files\/2022\/01\/chilet-web.jpg\" module_id=\"circle-image\" module_class=\"profesor\" _builder_version=\"4.16\" header_font=\"|700|||||||\" header_font_size=\"16px\" header_line_height=\"1.5em\" text_orientation=\"center\" link_option_url=\"https:\/\/saludglobal.umh.es\/miembros\/chilet-rosell-elisa\/\" global_colors_info=\"{}\"][\/et_pb_team_member][et_pb_team_member name=\"Blanca Juana Lumbreras Lacarra\" image_url=\"https:\/\/saludglobal.umh.es\/files\/2022\/01\/lumbreras-web.jpg\" module_id=\"circle-image\" module_class=\"profesor\" _builder_version=\"4.16\" header_font=\"|700|||||||\" header_font_size=\"16px\" header_line_height=\"1.5em\" text_orientation=\"center\" link_option_url=\"https:\/\/saludglobal.umh.es\/miembros\/lumbreras-lacarra-blanca-juana\/\" global_colors_info=\"{}\"][\/et_pb_team_member][\/et_pb_column][\/et_pb_row][\/et_pb_section][et_pb_section fb_built=\"1\" admin_label=\"section\" _builder_version=\"4.16\" global_colors_info=\"{}\"][et_pb_row admin_label=\"row\" _builder_version=\"4.16\" background_size=\"initial\" background_position=\"top_left\" background_repeat=\"repeat\" global_colors_info=\"{}\"][et_pb_column type=\"4_4\" _builder_version=\"4.16\" custom_padding=\"|||\" global_colors_info=\"{}\" custom_padding__hover=\"|||\"][\/et_pb_column][\/et_pb_row][et_pb_row disabled_on=\"off|off|off\" _builder_version=\"4.16\" global_colors_info=\"{}\"][et_pb_column type=\"4_4\" _builder_version=\"4.16\" global_colors_info=\"{}\"][\/et_pb_column][\/et_pb_row][et_pb_row disabled_on=\"on|on|on\" _builder_version=\"4.16\" disabled=\"on\" global_colors_info=\"{}\"][et_pb_column type=\"4_4\" _builder_version=\"4.16\" global_colors_info=\"{}\"][et_pb_text _builder_version=\"4.16\" global_colors_info=\"{}\"]<\/p><h1><strong>Investigadores\/as en formaci\u00f3n<\/strong><\/h1><p>[\/et_pb_text][\/et_pb_column][\/et_pb_row][et_pb_row column_structure=\"1_3,1_3,1_3\" disabled_on=\"on|on|on\" _builder_version=\"4.16\" disabled=\"on\" global_colors_info=\"{}\"][et_pb_column type=\"1_3\" _builder_version=\"4.16\" global_colors_info=\"{}\"][et_pb_team_member name=\"Ikram Benazizi\" image_url=\"https:\/\/saludglobal.umh.es\/files\/2022\/01\/Benazizi-web.jpg\" module_id=\"circle-image\" module_class=\"profesor\" _builder_version=\"4.16\" header_font=\"|700|||||||\" header_font_size=\"16px\" header_line_height=\"1.5em\" text_orientation=\"center\" link_option_url=\"https:\/\/saludglobal.umh.es\/miembros\/ikram-benazizi\/\" global_colors_info=\"{}\"][\/et_pb_team_member][et_pb_team_member name=\"Ildefonso Hernandez Aguado\" position=\"Director del Grupo\" image_url=\"https:\/\/saludglobal.umh.es\/files\/2022\/01\/hernandez-web.jpg\" module_id=\"circle-image\" module_class=\"profesor\" _builder_version=\"4.16\" header_font=\"|700|||||||\" header_font_size=\"16px\" header_line_height=\"1.5em\" text_orientation=\"center\" link_option_url=\"https:\/\/saludglobal.umh.es\/miembros\/hernandez-aguado-ildefonso\/\" global_colors_info=\"{}\"][\/et_pb_team_member][et_pb_team_member name=\"Lucy Anne Parker\" image_url=\"https:\/\/saludglobal.umh.es\/files\/2022\/01\/parker-web.jpg\" module_id=\"circle-image\" module_class=\"profesor\" _builder_version=\"4.16\" header_font=\"|700|||||||\" header_font_size=\"16px\" header_line_height=\"1.5em\" text_orientation=\"center\" link_option_url=\"https:\/\/saludglobal.umh.es\/miembros\/parker-lucy-anne\/\" global_colors_info=\"{}\"][\/et_pb_team_member][\/et_pb_column][et_pb_column type=\"1_3\" _builder_version=\"4.16\" global_colors_info=\"{}\"][et_pb_team_member name=\"Elsa Lopez Pintor\" image_url=\"https:\/\/saludglobal.umh.es\/files\/2022\/01\/lopez-web.jpg\" module_id=\"circle-image\" module_class=\"profesor\" _builder_version=\"4.16\" header_font=\"|700|||||||\" header_font_size=\"16px\" header_line_height=\"1.5em\" text_orientation=\"center\" link_option_url=\"https:\/\/saludglobal.umh.es\/miembros\/lopez-pintor-elsa\/\" global_colors_info=\"{}\"][\/et_pb_team_member][et_pb_team_member name=\"Maria Pastor-Valero\" image_url=\"https:\/\/saludglobal.umh.es\/files\/2022\/01\/pastor-web.jpg\" module_id=\"circle-image\" module_class=\"profesor\" _builder_version=\"4.16\" header_font=\"|700|||||||\" header_font_size=\"16px\" header_line_height=\"1.5em\" text_orientation=\"center\" link_option_url=\"https:\/\/saludglobal.umh.es\/miembros\/pastor-valero-maria-asuncion\/\" global_colors_info=\"{}\"][\/et_pb_team_member][et_pb_team_member name=\"Marta Puig Garc\u00eda \" image_url=\"https:\/\/saludglobal.umh.es\/files\/2022\/02\/marta-web.jpg\" module_id=\"circle-image\" module_class=\"profesor\" _builder_version=\"4.16\" header_font=\"|700|||||||\" header_font_size=\"16px\" header_line_height=\"1.5em\" text_orientation=\"center\" link_option_url=\"https:\/\/saludglobal.umh.es\/miembros\/marta-puig-garcia\/\" global_colors_info=\"{}\"][\/et_pb_team_member][\/et_pb_column][et_pb_column type=\"1_3\" _builder_version=\"4.16\" global_colors_info=\"{}\"][et_pb_team_member name=\"Elisa Chilet Rosell\" image_url=\"https:\/\/saludglobal.umh.es\/files\/2022\/01\/chilet-web.jpg\" module_id=\"circle-image\" module_class=\"profesor\" _builder_version=\"4.16\" header_font=\"|700|||||||\" header_font_size=\"16px\" header_line_height=\"1.5em\" text_orientation=\"center\" link_option_url=\"https:\/\/saludglobal.umh.es\/miembros\/chilet-rosell-elisa\/\" global_colors_info=\"{}\"][\/et_pb_team_member][et_pb_team_member name=\"Blanca Juana Lumbreras Lacarra\" image_url=\"https:\/\/saludglobal.umh.es\/files\/2022\/01\/lumbreras-web.jpg\" module_id=\"circle-image\" module_class=\"profesor\" _builder_version=\"4.16\" header_font=\"|700|||||||\" header_font_size=\"16px\" header_line_height=\"1.5em\" text_orientation=\"center\" link_option_url=\"https:\/\/saludglobal.umh.es\/miembros\/lumbreras-lacarra-blanca-juana\/\" global_colors_info=\"{}\"][\/et_pb_team_member][\/et_pb_column][\/et_pb_row][\/et_pb_section][et_pb_section fb_built=\"1\" admin_label=\"section\" _builder_version=\"4.16\" global_colors_info=\"{}\"][et_pb_row admin_label=\"row\" _builder_version=\"4.16\" background_size=\"initial\" background_position=\"top_left\" background_repeat=\"repeat\" global_colors_info=\"{}\"][et_pb_column type=\"4_4\" _builder_version=\"4.16\" custom_padding=\"|||\" global_colors_info=\"{}\" custom_padding__hover=\"|||\"][\/et_pb_column][\/et_pb_row][et_pb_row disabled_on=\"off|off|off\" _builder_version=\"4.16\" global_colors_info=\"{}\"][et_pb_column type=\"4_4\" _builder_version=\"4.16\" global_colors_info=\"{}\"][\/et_pb_column][\/et_pb_row][et_pb_row disabled_on=\"on|on|on\" _builder_version=\"4.16\" disabled=\"on\" global_colors_info=\"{}\"][et_pb_column type=\"4_4\" _builder_version=\"4.16\" global_colors_info=\"{}\"][et_pb_text _builder_version=\"4.16\" global_colors_info=\"{}\"]<\/p><h1><strong>Investigadores\/as en formaci\u00f3n<\/strong><\/h1><p>[\/et_pb_text][\/et_pb_column][\/et_pb_row][et_pb_row column_structure=\"1_3,1_3,1_3\" disabled_on=\"on|on|on\" _builder_version=\"4.16\" disabled=\"on\" global_colors_info=\"{}\"][et_pb_column type=\"1_3\" _builder_version=\"4.16\" global_colors_info=\"{}\"][et_pb_team_member name=\"Ikram Benazizi\" image_url=\"https:\/\/saludglobal.umh.es\/files\/2022\/01\/Benazizi-web.jpg\" module_id=\"circle-image\" module_class=\"profesor\" _builder_version=\"4.16\" header_font=\"|700|||||||\" header_font_size=\"16px\" header_line_height=\"1.5em\" text_orientation=\"center\" link_option_url=\"https:\/\/saludglobal.umh.es\/miembros\/ikram-benazizi\/\" global_colors_info=\"{}\"][\/et_pb_team_member][et_pb_team_member name=\"Ildefonso Hernandez Aguado\" position=\"Director del Grupo\" image_url=\"https:\/\/saludglobal.umh.es\/files\/2022\/01\/hernandez-web.jpg\" module_id=\"circle-image\" module_class=\"profesor\" _builder_version=\"4.16\" header_font=\"|700|||||||\" header_font_size=\"16px\" header_line_height=\"1.5em\" text_orientation=\"center\" link_option_url=\"https:\/\/saludglobal.umh.es\/miembros\/hernandez-aguado-ildefonso\/\" global_colors_info=\"{}\"][\/et_pb_team_member][et_pb_team_member name=\"Lucy Anne Parker\" image_url=\"https:\/\/saludglobal.umh.es\/files\/2022\/01\/parker-web.jpg\" module_id=\"circle-image\" module_class=\"profesor\" _builder_version=\"4.16\" header_font=\"|700|||||||\" header_font_size=\"16px\" header_line_height=\"1.5em\" text_orientation=\"center\" link_option_url=\"https:\/\/saludglobal.umh.es\/miembros\/parker-lucy-anne\/\" global_colors_info=\"{}\"][\/et_pb_team_member][\/et_pb_column][et_pb_column type=\"1_3\" _builder_version=\"4.16\" global_colors_info=\"{}\"][et_pb_team_member name=\"Elsa Lopez Pintor\" image_url=\"https:\/\/saludglobal.umh.es\/files\/2022\/01\/lopez-web.jpg\" module_id=\"circle-image\" module_class=\"profesor\" _builder_version=\"4.16\" header_font=\"|700|||||||\" header_font_size=\"16px\" header_line_height=\"1.5em\" text_orientation=\"center\" link_option_url=\"https:\/\/saludglobal.umh.es\/miembros\/lopez-pintor-elsa\/\" global_colors_info=\"{}\"][\/et_pb_team_member][et_pb_team_member name=\"Maria Pastor-Valero\" image_url=\"https:\/\/saludglobal.umh.es\/files\/2022\/01\/pastor-web.jpg\" module_id=\"circle-image\" module_class=\"profesor\" _builder_version=\"4.16\" header_font=\"|700|||||||\" header_font_size=\"16px\" header_line_height=\"1.5em\" text_orientation=\"center\" link_option_url=\"https:\/\/saludglobal.umh.es\/miembros\/pastor-valero-maria-asuncion\/\" global_colors_info=\"{}\"][\/et_pb_team_member][et_pb_team_member name=\"Marta Puig Garc\u00eda \" image_url=\"https:\/\/saludglobal.umh.es\/files\/2022\/02\/marta-web.jpg\" module_id=\"circle-image\" module_class=\"profesor\" _builder_version=\"4.16\" header_font=\"|700|||||||\" header_font_size=\"16px\" header_line_height=\"1.5em\" text_orientation=\"center\" link_option_url=\"https:\/\/saludglobal.umh.es\/miembros\/marta-puig-garcia\/\" global_colors_info=\"{}\"][\/et_pb_team_member][\/et_pb_column][et_pb_column type=\"1_3\" _builder_version=\"4.16\" global_colors_info=\"{}\"][et_pb_team_member name=\"Elisa Chilet Rosell\" image_url=\"https:\/\/saludglobal.umh.es\/files\/2022\/01\/chilet-web.jpg\" module_id=\"circle-image\" module_class=\"profesor\" _builder_version=\"4.16\" header_font=\"|700|||||||\" header_font_size=\"16px\" header_line_height=\"1.5em\" text_orientation=\"center\" link_option_url=\"https:\/\/saludglobal.umh.es\/miembros\/chilet-rosell-elisa\/\" global_colors_info=\"{}\"][\/et_pb_team_member][et_pb_team_member name=\"Blanca Juana Lumbreras Lacarra\" image_url=\"https:\/\/saludglobal.umh.es\/files\/2022\/01\/lumbreras-web.jpg\" module_id=\"circle-image\" module_class=\"profesor\" _builder_version=\"4.16\" header_font=\"|700|||||||\" header_font_size=\"16px\" header_line_height=\"1.5em\" text_orientation=\"center\" link_option_url=\"https:\/\/saludglobal.umh.es\/miembros\/lumbreras-lacarra-blanca-juana\/\" global_colors_info=\"{}\"][\/et_pb_team_member][\/et_pb_column][\/et_pb_row][\/et_pb_section]<\/p>","_et_gb_content_width":"","_links_to":"","_links_to_target":""},"_links":{"self":[{"href":"https:\/\/saludglobal.umh.es\/ca\/wp-json\/wp\/v2\/pages\/6140"}],"collection":[{"href":"https:\/\/saludglobal.umh.es\/ca\/wp-json\/wp\/v2\/pages"}],"about":[{"href":"https:\/\/saludglobal.umh.es\/ca\/wp-json\/wp\/v2\/types\/page"}],"author":[{"embeddable":true,"href":"https:\/\/saludglobal.umh.es\/ca\/wp-json\/wp\/v2\/users\/3158"}],"replies":[{"embeddable":true,"href":"https:\/\/saludglobal.umh.es\/ca\/wp-json\/wp\/v2\/comments?post=6140"}],"version-history":[{"count":0,"href":"https:\/\/saludglobal.umh.es\/ca\/wp-json\/wp\/v2\/pages\/6140\/revisions"}],"wp:attachment":[{"href":"https:\/\/saludglobal.umh.es\/ca\/wp-json\/wp\/v2\/media?parent=6140"}],"curies":[{"name":"wp","href":"https:\/\/api.w.org\/{rel}","templated":true}]}}